{"id":27,"date":"2022-08-08T13:59:13","date_gmt":"2022-08-08T11:59:13","guid":{"rendered":"https:\/\/stmiquelht.cat\/?page_id=27"},"modified":"2024-08-10T09:01:29","modified_gmt":"2024-08-10T07:01:29","slug":"detalls-dels-apartaments","status":"publish","type":"page","link":"https:\/\/stmiquelht.cat\/index.php\/detalls-dels-apartaments\/","title":{"rendered":"Apartaments"},"content":{"rendered":"\n<h4 class=\"wp-block-heading\"><strong>En poques paraules<\/strong><\/h4>\n\n\n\n<p>Oferim tres habitatges d\u2019\u00fas tur\u00edstic de tres places (consulteu possibilitat de bressol addicional). S\u00f3n apartaments de 40-45 m<sup>2<\/sup>, amb cuina i lavabo completament reformats, mobiliari nou i habitacions amb edificis que formaven part del monestir medieval.<\/p>\n\n\n\n<p>Complim tota la normativa vigent sobre habitatges d&#8217;\u00fas tur\u00edstic. Estem inscrits al Registre de Turisme de Catalunya (HUTG-021627, HUTG-026471 i HUTG-030255).<\/p>\n\n\n\n<h4 class=\"wp-block-heading\"><strong>Que no hi faltin els detalls<\/strong><\/h4>\n\n\n\n<p>Ens hem esfor\u00e7at per disposar de detalls que facin m\u00e9s c\u00f2mode l&#8217;estan\u00e7a als nostres apartaments:<\/p>\n\n\n\n<ul class=\"wp-block-list\">\n<li><strong>Tovalloles i roba de llit? <\/strong>Ja inclosos al preu i amb tovalloles de sobres disponibles.<\/li>\n\n\n\n<li><strong>Productes de neteja?<\/strong> Hi trobareu sab\u00f3, bosses d&#8217;escombraries, draps, etc.<\/li>\n\n\n\n<li><strong>Wifi? <\/strong>Gratu\u00efta i amb bona cobertura a tots els apartaments.<\/li>\n\n\n\n<li><strong>Voleu relaxar-vos a l\u2019apartament? <\/strong>Tenim televisi\u00f3 intel\u00b7ligent a cada dormitori, tamb\u00e9 llibres, revistes i jocs de taula.<\/li>\n\n\n\n<li><strong>A la cuina? <\/strong>Ja hi ha els b\u00e0sics com ara oli, pebre, sal, sucre, caf\u00e8 i infusions.<\/li>\n\n\n\n<li><strong>I les bicis o el cotxet?<\/strong> Les podeu deixar a l&#8217;aparcament de la planta baixa.<\/li>\n<\/ul>\n\n\n\n<h4 class=\"wp-block-heading\"><strong>Si us agrada, <a href=\"https:\/\/stmiquelht.cat\/index.php\/reserva\/\">reserveu amb nosaltres!<\/a><\/strong><\/h4>\n\n\n\n<p>Per reservar feu servir el <a href=\"https:\/\/stmiquelht.cat\/index.php\/reserva\/\">formulari de contacte<\/a> o envieu un missatge \/ truqueu al +36 676 12 56 28.<\/p>\n\n\n\n<div class=\"wp-block-columns is-layout-flex wp-container-core-columns-is-layout-28f84493 wp-block-columns-is-layout-flex\">\n<div class=\"wp-block-column is-layout-flow wp-block-column-is-layout-flow\" style=\"flex-basis:100%\">\n<figure class=\"wp-block-gallery has-nested-images columns-2 is-cropped wp-block-gallery-1 is-layout-flex wp-block-gallery-is-layout-flex\">\n<figure class=\"wp-block-image size-large\"><img loading=\"lazy\" decoding=\"async\" width=\"1024\" height=\"683\" data-id=\"109\" src=\"https:\/\/stmiquelht.cat\/wp-content\/uploads\/2022\/10\/DSCF4311-1024x683.jpg\" alt=\"\" class=\"wp-image-109\" srcset=\"https:\/\/stmiquelht.cat\/wp-content\/uploads\/2022\/10\/DSCF4311-1024x683.jpg 1024w, https:\/\/stmiquelht.cat\/wp-content\/uploads\/2022\/10\/DSCF4311-300x200.jpg 300w, https:\/\/stmiquelht.cat\/wp-content\/uploads\/2022\/10\/DSCF4311-768x512.jpg 768w, https:\/\/stmiquelht.cat\/wp-content\/uploads\/2022\/10\/DSCF4311-1536x1024.jpg 1536w, https:\/\/stmiquelht.cat\/wp-content\/uploads\/2022\/10\/DSCF4311-2048x1365.jpg 2048w\" sizes=\"auto, (max-width: 1024px) 100vw, 1024px\" \/><figcaption class=\"wp-element-caption\">Cuina de l&#8217;apartament del 3r pis<\/figcaption><\/figure>\n\n\n\n<figure class=\"wp-block-image size-large is-style-default\"><img loading=\"lazy\" decoding=\"async\" width=\"1024\" height=\"683\" data-id=\"66\" src=\"https:\/\/stmiquelht.cat\/wp-content\/uploads\/2022\/10\/stm3_cuina-1024x683.jpg\" alt=\"\" class=\"wp-image-66\" srcset=\"https:\/\/stmiquelht.cat\/wp-content\/uploads\/2022\/10\/stm3_cuina-1024x683.jpg 1024w, https:\/\/stmiquelht.cat\/wp-content\/uploads\/2022\/10\/stm3_cuina-300x200.jpg 300w, https:\/\/stmiquelht.cat\/wp-content\/uploads\/2022\/10\/stm3_cuina-768x512.jpg 768w, https:\/\/stmiquelht.cat\/wp-content\/uploads\/2022\/10\/stm3_cuina.jpg 1200w\" sizes=\"auto, (max-width: 1024px) 100vw, 1024px\" \/><figcaption class=\"wp-element-caption\">Cuina \/ menjador del 3r pis<\/figcaption><\/figure>\n\n\n\n<figure class=\"wp-block-image size-large\"><img loading=\"lazy\" decoding=\"async\" width=\"1024\" height=\"683\" data-id=\"68\" src=\"https:\/\/stmiquelht.cat\/wp-content\/uploads\/2022\/10\/stm3_habitacio-1024x683.jpg\" alt=\"\" class=\"wp-image-68\" srcset=\"https:\/\/stmiquelht.cat\/wp-content\/uploads\/2022\/10\/stm3_habitacio-1024x683.jpg 1024w, https:\/\/stmiquelht.cat\/wp-content\/uploads\/2022\/10\/stm3_habitacio-300x200.jpg 300w, https:\/\/stmiquelht.cat\/wp-content\/uploads\/2022\/10\/stm3_habitacio-768x512.jpg 768w, https:\/\/stmiquelht.cat\/wp-content\/uploads\/2022\/10\/stm3_habitacio.jpg 1200w\" sizes=\"auto, (max-width: 1024px) 100vw, 1024px\" \/><figcaption class=\"wp-element-caption\">Habitaci\u00f3 principal del lavabo del 2n pis<\/figcaption><\/figure>\n\n\n\n<figure class=\"wp-block-image size-large\"><img loading=\"lazy\" decoding=\"async\" width=\"683\" height=\"1024\" data-id=\"69\" src=\"https:\/\/stmiquelht.cat\/wp-content\/uploads\/2022\/10\/stm3_habitacio2isala-683x1024.jpg\" alt=\"\" class=\"wp-image-69\" srcset=\"https:\/\/stmiquelht.cat\/wp-content\/uploads\/2022\/10\/stm3_habitacio2isala-683x1024.jpg 683w, https:\/\/stmiquelht.cat\/wp-content\/uploads\/2022\/10\/stm3_habitacio2isala-200x300.jpg 200w, https:\/\/stmiquelht.cat\/wp-content\/uploads\/2022\/10\/stm3_habitacio2isala-768x1152.jpg 768w, https:\/\/stmiquelht.cat\/wp-content\/uploads\/2022\/10\/stm3_habitacio2isala-1024x1536.jpg 1024w, https:\/\/stmiquelht.cat\/wp-content\/uploads\/2022\/10\/stm3_habitacio2isala-rotated.jpg 1067w\" sizes=\"auto, (max-width: 683px) 100vw, 683px\" \/><figcaption class=\"wp-element-caption\">Saleta \/ habitaci\u00f3 individual de l&#8217;apartament del 2n pis<\/figcaption><\/figure>\n\n\n\n<figure class=\"wp-block-image size-large\"><img loading=\"lazy\" decoding=\"async\" width=\"683\" height=\"1024\" data-id=\"55\" src=\"https:\/\/stmiquelht.cat\/wp-content\/uploads\/2022\/10\/stm1_bany5-683x1024.jpg\" alt=\"\" class=\"wp-image-55\" srcset=\"https:\/\/stmiquelht.cat\/wp-content\/uploads\/2022\/10\/stm1_bany5-683x1024.jpg 683w, https:\/\/stmiquelht.cat\/wp-content\/uploads\/2022\/10\/stm1_bany5-200x300.jpg 200w, https:\/\/stmiquelht.cat\/wp-content\/uploads\/2022\/10\/stm1_bany5-768x1152.jpg 768w, https:\/\/stmiquelht.cat\/wp-content\/uploads\/2022\/10\/stm1_bany5-1024x1536.jpg 1024w, https:\/\/stmiquelht.cat\/wp-content\/uploads\/2022\/10\/stm1_bany5-1365x2048.jpg 1365w, https:\/\/stmiquelht.cat\/wp-content\/uploads\/2022\/10\/stm1_bany5-scaled.jpg 1707w\" sizes=\"auto, (max-width: 683px) 100vw, 683px\" \/><figcaption class=\"wp-element-caption\">Lavabo de l&#8217;apartament del 2n pis<\/figcaption><\/figure>\n\n\n\n<figure class=\"wp-block-image size-large\"><img loading=\"lazy\" decoding=\"async\" width=\"683\" height=\"1024\" data-id=\"63\" src=\"https:\/\/stmiquelht.cat\/wp-content\/uploads\/2022\/10\/lavabo_st_miquel_2-683x1024.jpg\" alt=\"\" class=\"wp-image-63\" srcset=\"https:\/\/stmiquelht.cat\/wp-content\/uploads\/2022\/10\/lavabo_st_miquel_2-683x1024.jpg 683w, https:\/\/stmiquelht.cat\/wp-content\/uploads\/2022\/10\/lavabo_st_miquel_2-200x300.jpg 200w, https:\/\/stmiquelht.cat\/wp-content\/uploads\/2022\/10\/lavabo_st_miquel_2-768x1152.jpg 768w, https:\/\/stmiquelht.cat\/wp-content\/uploads\/2022\/10\/lavabo_st_miquel_2.jpg 800w\" sizes=\"auto, (max-width: 683px) 100vw, 683px\" \/><figcaption class=\"wp-element-caption\">Lavabo de l&#8217;apartament del 1r pis<\/figcaption><\/figure>\n<\/figure>\n<\/div>\n<\/div>\n\n\n\n<h4 class=\"wp-block-heading\"><strong>Una mica d\u2019hist\u00f2ria<\/strong><\/h4>\n\n\n\n<p>Estem situats just al davant de les ru\u00efnes de la capella rom\u00e0nica del segle XII de Sant Miquel. De fet, aquesta esgl\u00e9sia formava part del <a href=\"http:\/\/www.monestirsantjoanabadesses.cat\/\" target=\"_blank\" rel=\"noreferrer noopener\">monestir de Sant Joan<\/a>, al voltant del qual es va construir el poble emmurallat a partir del segle XIII. <\/p>\n\n\n\n<p>L\u2019edifici pertany a la fam\u00edlia, amb or\u00edgens a Sant Joan i a la Vall de Bianya, des de principis del segle XX. Eren pagesos i moliners i s&#8217;ocupaven del <a href=\"https:\/\/www.alt-ter.org\/el-moli-petit\/\">Mol\u00ed Petit<\/a>, situat a poca dist\u00e0ncia i que podreu visitar. Hi hem viscut diverses generacions i el 2016 vam decidir iniciar-ne la reforma i oferir-ho per a lloguer tur\u00edstic.<\/p>\n\n\n\n<h4 class=\"wp-block-heading\"><strong>Sostenibilitat i proximitat, cuidem les persones i el medi ambient<\/strong><\/h4>\n\n\n\n<ul class=\"wp-block-list\">\n<li>Energia d\u2019origen 100 % renovable; amb aparells el\u00e8ctrics d\u2019alta efici\u00e8ncia i companyia de subministrament local.<\/li>\n\n\n\n<li>Fomentem el reciclatge, a Sant Joan fem <a href=\"https:\/\/www.santjoandelesabadesses.cat\/index.php\/porta-a-porta\">recollida de residus porta a porta<\/a>.<\/li>\n\n\n\n<li>Comprem a prove\u00efdors locals. Us recomanem el <a href=\"https:\/\/www.santjoandelesabadesses.cat\/index.php\/comerc-i-industria-menu\/directori-dempreses-i-comercos-santjoan\">comer\u00e7 de Sant Joan<\/a> i <a href=\"http:\/\/www.productesdelripolles.com\/productes\/\">productes dels Ripoll\u00e8s<\/a>.<\/li>\n\n\n\n<li>Utilitzem companyies de telecomunicacions catalanes, tant per la <a href=\"https:\/\/goufone.com\/\" target=\"_blank\" rel=\"noreferrer noopener\">connexi\u00f3 a Internet<\/a> com per aquesta <a href=\"https:\/\/www.swhosting.com\/ca\" target=\"_blank\" rel=\"noreferrer noopener\">p\u00e0gina web<\/a>.<\/li>\n<\/ul>\n\n\n<div style=\"display: none;\"><a title=\"xnxx\" href=\"https:\/\/sexxx.top\">xnxx<\/a><br \/><a title=\"xhamster\" href=\"https:\/\/xhamsterxxl.com\">xhamster<\/a><br \/><a title=\"xvideos\" href=\"https:\/\/xvideospor.com\">xvideos<\/a><br \/><a title=\"porn\" href=\"https:\/\/xporn69.com\">porn<\/a><br \/><a title=\"xnxx\" href=\"https:\/\/xnxx1x.com\">xnxx<\/a><br \/><a title=\"xxx\" href=\"https:\/\/3sxxx.com\">xxx<\/a><br \/><a title=\"sex vi\u1ec7t\" href=\"https:\/\/sex3w.com\">sex vi\u1ec7t<\/a><br \/><a title=\"Phim sex\" href=\"https:\/\/xvideosxxl.com\">Phim sex<\/a><br \/><a title=\"tiktok download\" href=\"https:\/\/tiktokdown.org\">tiktok download<\/a><br \/><a title=\"mp3 download\" href=\"https:\/\/mp3play.net\">mp3 download<\/a><br \/><a title=\"MP3 download\" href=\"https:\/\/mp3play.online\">MP3 download<\/a><br \/><a title=\"phim xnxx\" href=\"https:\/\/xvideosxxl.com\/?k=phim+xnxx\">phim xnxx<\/a><br \/><a title=\"jav\" href=\"https:\/\/3sxxx.com\/?k=jav\">jav<\/a><br \/><a title=\"porn\" href=\"https:\/\/sexxx.top\/?k=porn\">porn<\/a><br \/><a title=\"phim xxx\" href=\"https:\/\/https:\/\/sex3w.com\/?k=phim+xxx\">phim xxx<\/a><br \/><a title=\"save tik\" href=\"https:\/\/tiktokdown.org\">save tik<\/a><\/div>","protected":false},"excerpt":{"rendered":"<p>En poques paraules Oferim tres habitatges d\u2019\u00fas tur\u00edstic de tres places (consulteu possibilitat de bressol addicional). S\u00f3n apartaments de 40-45 m2, amb cuina i lavabo completament reformats, mobiliari nou i habitacions amb edificis que formaven part del monestir medieval. Complim tota la normativa vigent sobre habitatges d&#8217;\u00fas tur\u00edstic. Estem inscrits al Registre de Turisme de [&hellip;]<\/p>\n","protected":false},"author":1,"featured_media":58,"parent":0,"menu_order":0,"comment_status":"closed","ping_status":"closed","template":"","meta":{"footnotes":""},"class_list":["post-27","page","type-page","status-publish","has-post-thumbnail","hentry"],"yoast_head":"<!-- This site is optimized with the Yoast SEO plugin v27.5 - https:\/\/yoast.com\/product\/yoast-seo-wordpress\/ -->\n<title>Apartaments - Apartaments Sant Miquel<\/title>\n<meta name=\"description\" content=\"Us oferim tres habitatges tur\u00edstics al centre de Sant Joan de les Abadesses. En aquesta p\u00e0gina descobrireu els detalls dels apartaments.\" \/>\n<meta name=\"robots\" content=\"index, follow, max-snippet:-1, max-image-preview:large, max-video-preview:-1\" \/>\n<link rel=\"canonical\" href=\"https:\/\/stmiquelht.cat\/index.php\/detalls-dels-apartaments\/\" \/>\n<meta property=\"og:locale\" content=\"ca_ES\" \/>\n<meta property=\"og:type\" content=\"article\" \/>\n<meta property=\"og:title\" content=\"Apartaments - Apartaments Sant Miquel\" \/>\n<meta property=\"og:description\" content=\"Us oferim tres habitatges tur\u00edstics al centre de Sant Joan de les Abadesses. En aquesta p\u00e0gina descobrireu els detalls dels apartaments.\" \/>\n<meta property=\"og:url\" content=\"https:\/\/stmiquelht.cat\/index.php\/detalls-dels-apartaments\/\" \/>\n<meta property=\"og:site_name\" content=\"Apartaments Sant Miquel\" \/>\n<meta property=\"article:modified_time\" content=\"2024-08-10T07:01:29+00:00\" \/>\n<meta property=\"og:image\" content=\"https:\/\/stmiquelht.cat\/wp-content\/uploads\/2022\/10\/stm1_habitacio1-scaled.jpg\" \/>\n\t<meta property=\"og:image:width\" content=\"2560\" \/>\n\t<meta property=\"og:image:height\" content=\"1707\" \/>\n\t<meta property=\"og:image:type\" content=\"image\/jpeg\" \/>\n<meta name=\"twitter:card\" content=\"summary_large_image\" \/>\n<meta name=\"twitter:label1\" content=\"Temps estimat de lectura\" \/>\n\t<meta name=\"twitter:data1\" content=\"4 minuts\" \/>\n<script type=\"application\/ld+json\" class=\"yoast-schema-graph\">{\"@context\":\"https:\\\/\\\/schema.org\",\"@graph\":[{\"@type\":\"WebPage\",\"@id\":\"https:\\\/\\\/stmiquelht.cat\\\/index.php\\\/detalls-dels-apartaments\\\/\",\"url\":\"https:\\\/\\\/stmiquelht.cat\\\/index.php\\\/detalls-dels-apartaments\\\/\",\"name\":\"Apartaments - Apartaments Sant Miquel\",\"isPartOf\":{\"@id\":\"https:\\\/\\\/stmiquelht.cat\\\/#website\"},\"primaryImageOfPage\":{\"@id\":\"https:\\\/\\\/stmiquelht.cat\\\/index.php\\\/detalls-dels-apartaments\\\/#primaryimage\"},\"image\":{\"@id\":\"https:\\\/\\\/stmiquelht.cat\\\/index.php\\\/detalls-dels-apartaments\\\/#primaryimage\"},\"thumbnailUrl\":\"https:\\\/\\\/stmiquelht.cat\\\/wp-content\\\/uploads\\\/2022\\\/10\\\/stm1_habitacio1-scaled.jpg\",\"datePublished\":\"2022-08-08T11:59:13+00:00\",\"dateModified\":\"2024-08-10T07:01:29+00:00\",\"description\":\"Us oferim tres habitatges tur\u00edstics al centre de Sant Joan de les Abadesses. En aquesta p\u00e0gina descobrireu els detalls dels apartaments.\",\"breadcrumb\":{\"@id\":\"https:\\\/\\\/stmiquelht.cat\\\/index.php\\\/detalls-dels-apartaments\\\/#breadcrumb\"},\"inLanguage\":\"ca\",\"potentialAction\":[{\"@type\":\"ReadAction\",\"target\":[\"https:\\\/\\\/stmiquelht.cat\\\/index.php\\\/detalls-dels-apartaments\\\/\"]}]},{\"@type\":\"ImageObject\",\"inLanguage\":\"ca\",\"@id\":\"https:\\\/\\\/stmiquelht.cat\\\/index.php\\\/detalls-dels-apartaments\\\/#primaryimage\",\"url\":\"https:\\\/\\\/stmiquelht.cat\\\/wp-content\\\/uploads\\\/2022\\\/10\\\/stm1_habitacio1-scaled.jpg\",\"contentUrl\":\"https:\\\/\\\/stmiquelht.cat\\\/wp-content\\\/uploads\\\/2022\\\/10\\\/stm1_habitacio1-scaled.jpg\",\"width\":2560,\"height\":1707},{\"@type\":\"BreadcrumbList\",\"@id\":\"https:\\\/\\\/stmiquelht.cat\\\/index.php\\\/detalls-dels-apartaments\\\/#breadcrumb\",\"itemListElement\":[{\"@type\":\"ListItem\",\"position\":1,\"name\":\"Inici\",\"item\":\"https:\\\/\\\/stmiquelht.cat\\\/\"},{\"@type\":\"ListItem\",\"position\":2,\"name\":\"Apartaments\"}]},{\"@type\":\"WebSite\",\"@id\":\"https:\\\/\\\/stmiquelht.cat\\\/#website\",\"url\":\"https:\\\/\\\/stmiquelht.cat\\\/\",\"name\":\"Apartaments Sant Miquel\",\"description\":\"Habitatges tur\u00edstics a Sant Joan de les Abadesses\",\"potentialAction\":[{\"@type\":\"SearchAction\",\"target\":{\"@type\":\"EntryPoint\",\"urlTemplate\":\"https:\\\/\\\/stmiquelht.cat\\\/?s={search_term_string}\"},\"query-input\":{\"@type\":\"PropertyValueSpecification\",\"valueRequired\":true,\"valueName\":\"search_term_string\"}}],\"inLanguage\":\"ca\"}]}<\/script>\n<!-- \/ Yoast SEO plugin. -->","yoast_head_json":{"title":"Apartaments - Apartaments Sant Miquel","description":"Us oferim tres habitatges tur\u00edstics al centre de Sant Joan de les Abadesses. En aquesta p\u00e0gina descobrireu els detalls dels apartaments.","robots":{"index":"index","follow":"follow","max-snippet":"max-snippet:-1","max-image-preview":"max-image-preview:large","max-video-preview":"max-video-preview:-1"},"canonical":"https:\/\/stmiquelht.cat\/index.php\/detalls-dels-apartaments\/","og_locale":"ca_ES","og_type":"article","og_title":"Apartaments - Apartaments Sant Miquel","og_description":"Us oferim tres habitatges tur\u00edstics al centre de Sant Joan de les Abadesses. En aquesta p\u00e0gina descobrireu els detalls dels apartaments.","og_url":"https:\/\/stmiquelht.cat\/index.php\/detalls-dels-apartaments\/","og_site_name":"Apartaments Sant Miquel","article_modified_time":"2024-08-10T07:01:29+00:00","og_image":[{"width":2560,"height":1707,"url":"https:\/\/stmiquelht.cat\/wp-content\/uploads\/2022\/10\/stm1_habitacio1-scaled.jpg","type":"image\/jpeg"}],"twitter_card":"summary_large_image","twitter_misc":{"Temps estimat de lectura":"4 minuts"},"schema":{"@context":"https:\/\/schema.org","@graph":[{"@type":"WebPage","@id":"https:\/\/stmiquelht.cat\/index.php\/detalls-dels-apartaments\/","url":"https:\/\/stmiquelht.cat\/index.php\/detalls-dels-apartaments\/","name":"Apartaments - Apartaments Sant Miquel","isPartOf":{"@id":"https:\/\/stmiquelht.cat\/#website"},"primaryImageOfPage":{"@id":"https:\/\/stmiquelht.cat\/index.php\/detalls-dels-apartaments\/#primaryimage"},"image":{"@id":"https:\/\/stmiquelht.cat\/index.php\/detalls-dels-apartaments\/#primaryimage"},"thumbnailUrl":"https:\/\/stmiquelht.cat\/wp-content\/uploads\/2022\/10\/stm1_habitacio1-scaled.jpg","datePublished":"2022-08-08T11:59:13+00:00","dateModified":"2024-08-10T07:01:29+00:00","description":"Us oferim tres habitatges tur\u00edstics al centre de Sant Joan de les Abadesses. En aquesta p\u00e0gina descobrireu els detalls dels apartaments.","breadcrumb":{"@id":"https:\/\/stmiquelht.cat\/index.php\/detalls-dels-apartaments\/#breadcrumb"},"inLanguage":"ca","potentialAction":[{"@type":"ReadAction","target":["https:\/\/stmiquelht.cat\/index.php\/detalls-dels-apartaments\/"]}]},{"@type":"ImageObject","inLanguage":"ca","@id":"https:\/\/stmiquelht.cat\/index.php\/detalls-dels-apartaments\/#primaryimage","url":"https:\/\/stmiquelht.cat\/wp-content\/uploads\/2022\/10\/stm1_habitacio1-scaled.jpg","contentUrl":"https:\/\/stmiquelht.cat\/wp-content\/uploads\/2022\/10\/stm1_habitacio1-scaled.jpg","width":2560,"height":1707},{"@type":"BreadcrumbList","@id":"https:\/\/stmiquelht.cat\/index.php\/detalls-dels-apartaments\/#breadcrumb","itemListElement":[{"@type":"ListItem","position":1,"name":"Inici","item":"https:\/\/stmiquelht.cat\/"},{"@type":"ListItem","position":2,"name":"Apartaments"}]},{"@type":"WebSite","@id":"https:\/\/stmiquelht.cat\/#website","url":"https:\/\/stmiquelht.cat\/","name":"Apartaments Sant Miquel","description":"Habitatges tur\u00edstics a Sant Joan de les Abadesses","potentialAction":[{"@type":"SearchAction","target":{"@type":"EntryPoint","urlTemplate":"https:\/\/stmiquelht.cat\/?s={search_term_string}"},"query-input":{"@type":"PropertyValueSpecification","valueRequired":true,"valueName":"search_term_string"}}],"inLanguage":"ca"}]}},"_links":{"self":[{"href":"https:\/\/stmiquelht.cat\/index.php\/wp-json\/wp\/v2\/pages\/27","targetHints":{"allow":["GET"]}}],"collection":[{"href":"https:\/\/stmiquelht.cat\/index.php\/wp-json\/wp\/v2\/pages"}],"about":[{"href":"https:\/\/stmiquelht.cat\/index.php\/wp-json\/wp\/v2\/types\/page"}],"author":[{"embeddable":true,"href":"https:\/\/stmiquelht.cat\/index.php\/wp-json\/wp\/v2\/users\/1"}],"replies":[{"embeddable":true,"href":"https:\/\/stmiquelht.cat\/index.php\/wp-json\/wp\/v2\/comments?post=27"}],"version-history":[{"count":14,"href":"https:\/\/stmiquelht.cat\/index.php\/wp-json\/wp\/v2\/pages\/27\/revisions"}],"predecessor-version":[{"id":343,"href":"https:\/\/stmiquelht.cat\/index.php\/wp-json\/wp\/v2\/pages\/27\/revisions\/343"}],"wp:featuredmedia":[{"embeddable":true,"href":"https:\/\/stmiquelht.cat\/index.php\/wp-json\/wp\/v2\/media\/58"}],"wp:attachment":[{"href":"https:\/\/stmiquelht.cat\/index.php\/wp-json\/wp\/v2\/media?parent=27"}],"curies":[{"name":"wp","href":"https:\/\/api.w.org\/{rel}","templated":true}]}}